{"version":"1.0","provider_name":"Dpress.ma\/fr","provider_url":"https:\/\/dpress.ma\/fr","author_name":"Dpress.ma","author_url":"https:\/\/dpress.ma\/fr\/author\/dpress-ma\/","title":"Entretien avec Javier Tebas, pr\u00e9sident de LaLiga - Dpress.ma\/fr","type":"rich","width":600,"height":338,"html":"<blockquote class=\"wp-embedded-content\" data-secret=\"QNeyClciW4\"><a href=\"https:\/\/dpress.ma\/fr\/2026\/04\/09\/entretien-avec-javier-tebas-president-de-laliga\/\">Entretien avec Javier Tebas, pr\u00e9sident de LaLiga<\/a><\/blockquote><iframe sandbox=\"allow-scripts\" security=\"restricted\" src=\"https:\/\/dpress.ma\/fr\/2026\/04\/09\/entretien-avec-javier-tebas-president-de-laliga\/embed\/#?secret=QNeyClciW4\" width=\"600\" height=\"338\" title=\"\u00ab\u00a0Entretien avec Javier Tebas, pr\u00e9sident de LaLiga\u00a0\u00bb &#8212; Dpress.ma\/fr\" data-secret=\"QNeyClciW4\" frameborder=\"0\" marginwidth=\"0\" marginheight=\"0\" scrolling=\"no\" class=\"wp-embedded-content\"><\/iframe><script type=\"text\/javascript\">\n\/* <![CDATA[ *\/\n\/*! This file is auto-generated *\/\n!function(d,l){\"use strict\";l.querySelector&&d.addEventListener&&\"undefined\"!=typeof URL&&(d.wp=d.wp||{},d.wp.receiveEmbedMessage||(d.wp.receiveEmbedMessage=function(e){var t=e.data;if((t||t.secret||t.message||t.value)&&!\/[^a-zA-Z0-9]\/.test(t.secret)){for(var s,r,n,a=l.querySelectorAll('iframe[data-secret=\"'+t.secret+'\"]'),o=l.querySelectorAll('blockquote[data-secret=\"'+t.secret+'\"]'),c=new RegExp(\"^https?:$\",\"i\"),i=0;i<o.length;i++)o[i].style.display=\"none\";for(i=0;i<a.length;i++)s=a[i],e.source===s.contentWindow&&(s.removeAttribute(\"style\"),\"height\"===t.message?(1e3<(r=parseInt(t.value,10))?r=1e3:~~r<200&&(r=200),s.height=r):\"link\"===t.message&&(r=new URL(s.getAttribute(\"src\")),n=new URL(t.value),c.test(n.protocol))&&n.host===r.host&&l.activeElement===s&&(d.top.location.href=t.value))}},d.addEventListener(\"message\",d.wp.receiveEmbedMessage,!1),l.addEventListener(\"DOMContentLoaded\",function(){for(var e,t,s=l.querySelectorAll(\"iframe.wp-embedded-content\"),r=0;r<s.length;r++)(t=(e=s[r]).getAttribute(\"data-secret\"))||(t=Math.random().toString(36).substring(2,12),e.src+=\"#?secret=\"+t,e.setAttribute(\"data-secret\",t)),e.contentWindow.postMessage({message:\"ready\",secret:t},\"*\")},!1)))}(window,document);\n\/\/# sourceURL=https:\/\/dpress.ma\/fr\/wp-includes\/js\/wp-embed.min.js\n\/* ]]> *\/\n<\/script>\n","thumbnail_url":"https:\/\/dpress.ma\/fr\/wp-content\/uploads\/sites\/2\/2026\/04\/29-3.jpg","thumbnail_width":2539,"thumbnail_height":1594,"description":"Dpress Le pr\u00e9sident de LaLiga, Javier Tebas, a accord\u00e9 un entretien \u00e0 la MAP dans lequel il \u00e9voque notamment la place de choix du Royaume dans la strat\u00e9gie d\u2019expansion de LaLiga, ainsi que la possibilit\u00e9 de la tenue de matchs du championnat espagnol au Maroc. Dans cet entretien, M. Tebas s\u2019attarde \u00e9galement sur des aspects &hellip;"}