{"version":"1.0","provider_name":"Dpress.ma\/fr","provider_url":"https:\/\/dpress.ma\/fr","author_name":"Dpress.ma","author_url":"https:\/\/dpress.ma\/fr\/author\/dpress-ma\/","title":"L\u2019IRCAM c\u00e9l\u00e8bre la Journ\u00e9e mondiale de la po\u00e9sie - Dpress.ma\/fr","type":"rich","width":600,"height":338,"html":"<blockquote class=\"wp-embedded-content\" data-secret=\"QjyPxza9E7\"><a href=\"https:\/\/dpress.ma\/fr\/2026\/03\/26\/lircam-celebre-la-journee-mondiale-de-la-poesie\/\">L\u2019IRCAM c\u00e9l\u00e8bre la Journ\u00e9e mondiale de la po\u00e9sie<\/a><\/blockquote><iframe sandbox=\"allow-scripts\" security=\"restricted\" src=\"https:\/\/dpress.ma\/fr\/2026\/03\/26\/lircam-celebre-la-journee-mondiale-de-la-poesie\/embed\/#?secret=QjyPxza9E7\" width=\"600\" height=\"338\" title=\"\u00ab\u00a0L\u2019IRCAM c\u00e9l\u00e8bre la Journ\u00e9e mondiale de la po\u00e9sie\u00a0\u00bb &#8212; Dpress.ma\/fr\" data-secret=\"QjyPxza9E7\" frameborder=\"0\" marginwidth=\"0\" marginheight=\"0\" scrolling=\"no\" class=\"wp-embedded-content\"><\/iframe><script>\n\/*! This file is auto-generated *\/\n!function(d,l){\"use strict\";l.querySelector&&d.addEventListener&&\"undefined\"!=typeof URL&&(d.wp=d.wp||{},d.wp.receiveEmbedMessage||(d.wp.receiveEmbedMessage=function(e){var t=e.data;if((t||t.secret||t.message||t.value)&&!\/[^a-zA-Z0-9]\/.test(t.secret)){for(var s,r,n,a=l.querySelectorAll('iframe[data-secret=\"'+t.secret+'\"]'),o=l.querySelectorAll('blockquote[data-secret=\"'+t.secret+'\"]'),c=new RegExp(\"^https?:$\",\"i\"),i=0;i<o.length;i++)o[i].style.display=\"none\";for(i=0;i<a.length;i++)s=a[i],e.source===s.contentWindow&&(s.removeAttribute(\"style\"),\"height\"===t.message?(1e3<(r=parseInt(t.value,10))?r=1e3:~~r<200&&(r=200),s.height=r):\"link\"===t.message&&(r=new URL(s.getAttribute(\"src\")),n=new URL(t.value),c.test(n.protocol))&&n.host===r.host&&l.activeElement===s&&(d.top.location.href=t.value))}},d.addEventListener(\"message\",d.wp.receiveEmbedMessage,!1),l.addEventListener(\"DOMContentLoaded\",function(){for(var e,t,s=l.querySelectorAll(\"iframe.wp-embedded-content\"),r=0;r<s.length;r++)(t=(e=s[r]).getAttribute(\"data-secret\"))||(t=Math.random().toString(36).substring(2,12),e.src+=\"#?secret=\"+t,e.setAttribute(\"data-secret\",t)),e.contentWindow.postMessage({message:\"ready\",secret:t},\"*\")},!1)))}(window,document);\n\/\/# sourceURL=https:\/\/dpress.ma\/fr\/wp-includes\/js\/wp-embed.min.js\n<\/script>\n","thumbnail_url":"https:\/\/dpress.ma\/fr\/wp-content\/uploads\/sites\/2\/2026\/03\/27-7.jpg","thumbnail_width":2539,"thumbnail_height":1594,"description":"Dpress L\u2019Institut Royal de la Culture Amazighe (IRCAM) a c\u00e9l\u00e9br\u00e9, mercredi \u00e0 Rabat, la Journ\u00e9e mondiale de la po\u00e9sie, comm\u00e9mor\u00e9e le 21 mars de chaque ann\u00e9e, en pr\u00e9sence d\u2019un parterre de po\u00e8tes et de chercheurs. Cette c\u00e9l\u00e9bration vise \u00e0 ancrer une culture de reconnaissance, \u00e0 travers la mise \u00e0 l\u2019honneur de plusieurs po\u00e8tes et l\u2019organisation &hellip;"}