{"version":"1.0","provider_name":"Dpress.ma\/fr","provider_url":"https:\/\/dpress.ma\/fr","author_name":"Dpress.ma","author_url":"https:\/\/dpress.ma\/fr\/author\/dpress-ma\/","title":"M. Hassan Tariq, r\u00e9cemment nomm\u00e9 M\u00e9diateur du Royaume - Dpress.ma\/fr","type":"rich","width":600,"height":338,"html":"<blockquote class=\"wp-embedded-content\" data-secret=\"39EOcnrPIN\"><a href=\"https:\/\/dpress.ma\/fr\/2025\/03\/25\/m-hassan-tariq-recemment-nomme-mediateur-du-royaume\/\">M. Hassan Tariq, r\u00e9cemment nomm\u00e9 M\u00e9diateur du Royaume<\/a><\/blockquote><iframe sandbox=\"allow-scripts\" security=\"restricted\" src=\"https:\/\/dpress.ma\/fr\/2025\/03\/25\/m-hassan-tariq-recemment-nomme-mediateur-du-royaume\/embed\/#?secret=39EOcnrPIN\" width=\"600\" height=\"338\" title=\"\u00ab\u00a0M. Hassan Tariq, r\u00e9cemment nomm\u00e9 M\u00e9diateur du Royaume\u00a0\u00bb &#8212; Dpress.ma\/fr\" data-secret=\"39EOcnrPIN\" frameborder=\"0\" marginwidth=\"0\" marginheight=\"0\" scrolling=\"no\" class=\"wp-embedded-content\"><\/iframe><script>\n\/*! This file is auto-generated *\/\n!function(d,l){\"use strict\";l.querySelector&&d.addEventListener&&\"undefined\"!=typeof URL&&(d.wp=d.wp||{},d.wp.receiveEmbedMessage||(d.wp.receiveEmbedMessage=function(e){var t=e.data;if((t||t.secret||t.message||t.value)&&!\/[^a-zA-Z0-9]\/.test(t.secret)){for(var s,r,n,a=l.querySelectorAll('iframe[data-secret=\"'+t.secret+'\"]'),o=l.querySelectorAll('blockquote[data-secret=\"'+t.secret+'\"]'),c=new RegExp(\"^https?:$\",\"i\"),i=0;i<o.length;i++)o[i].style.display=\"none\";for(i=0;i<a.length;i++)s=a[i],e.source===s.contentWindow&&(s.removeAttribute(\"style\"),\"height\"===t.message?(1e3<(r=parseInt(t.value,10))?r=1e3:~~r<200&&(r=200),s.height=r):\"link\"===t.message&&(r=new URL(s.getAttribute(\"src\")),n=new URL(t.value),c.test(n.protocol))&&n.host===r.host&&l.activeElement===s&&(d.top.location.href=t.value))}},d.addEventListener(\"message\",d.wp.receiveEmbedMessage,!1),l.addEventListener(\"DOMContentLoaded\",function(){for(var e,t,s=l.querySelectorAll(\"iframe.wp-embedded-content\"),r=0;r<s.length;r++)(t=(e=s[r]).getAttribute(\"data-secret\"))||(t=Math.random().toString(36).substring(2,12),e.src+=\"#?secret=\"+t,e.setAttribute(\"data-secret\",t)),e.contentWindow.postMessage({message:\"ready\",secret:t},\"*\")},!1)))}(window,document);\n\/\/# sourceURL=https:\/\/dpress.ma\/fr\/wp-includes\/js\/wp-embed.min.js\n<\/script>\n","thumbnail_url":"https:\/\/dpress.ma\/fr\/wp-content\/uploads\/sites\/2\/2025\/03\/dimensions2-82.jpg","thumbnail_width":2539,"thumbnail_height":1594,"description":"dpress M. Hassan Tariq, que Sa Majest\u00e9 le Roi Mohammed VI a nomm\u00e9, lundi, M\u00e9diateur du Royaume, est n\u00e9 le 1er janvier 1974 \u00e0 Bhalil. M. Tariq, qui occupait depuis 2019 le poste d\u2019ambassadeur du Royaume du Maroc en R\u00e9publique de Tunisie, est titulaire d\u2019un Doctorat en droit public de la facult\u00e9 des sciences juridiques, &hellip;"}