{"version":"1.0","provider_name":"Dpress.ma\/fr","provider_url":"https:\/\/dpress.ma\/fr","author_name":"Dpress.ma","author_url":"https:\/\/dpress.ma\/fr\/author\/dpress-ma\/","title":"Ouverture du 13\u00e8me congr\u00e8s national de l\u2019UMT - Dpress.ma\/fr","type":"rich","width":600,"height":338,"html":"<blockquote class=\"wp-embedded-content\" data-secret=\"Flg3fAwKZQ\"><a href=\"https:\/\/dpress.ma\/fr\/2025\/02\/22\/ouverture-du-13eme-congres-national-de-lumt\/\">Ouverture du 13\u00e8me congr\u00e8s national de l\u2019UMT<\/a><\/blockquote><iframe sandbox=\"allow-scripts\" security=\"restricted\" src=\"https:\/\/dpress.ma\/fr\/2025\/02\/22\/ouverture-du-13eme-congres-national-de-lumt\/embed\/#?secret=Flg3fAwKZQ\" width=\"600\" height=\"338\" title=\"\u00ab\u00a0Ouverture du 13\u00e8me congr\u00e8s national de l\u2019UMT\u00a0\u00bb &#8212; Dpress.ma\/fr\" data-secret=\"Flg3fAwKZQ\" frameborder=\"0\" marginwidth=\"0\" marginheight=\"0\" scrolling=\"no\" class=\"wp-embedded-content\"><\/iframe><script type=\"text\/javascript\">\n\/* <![CDATA[ *\/\n\/*! This file is auto-generated *\/\n!function(d,l){\"use strict\";l.querySelector&&d.addEventListener&&\"undefined\"!=typeof URL&&(d.wp=d.wp||{},d.wp.receiveEmbedMessage||(d.wp.receiveEmbedMessage=function(e){var t=e.data;if((t||t.secret||t.message||t.value)&&!\/[^a-zA-Z0-9]\/.test(t.secret)){for(var s,r,n,a=l.querySelectorAll('iframe[data-secret=\"'+t.secret+'\"]'),o=l.querySelectorAll('blockquote[data-secret=\"'+t.secret+'\"]'),c=new RegExp(\"^https?:$\",\"i\"),i=0;i<o.length;i++)o[i].style.display=\"none\";for(i=0;i<a.length;i++)s=a[i],e.source===s.contentWindow&&(s.removeAttribute(\"style\"),\"height\"===t.message?(1e3<(r=parseInt(t.value,10))?r=1e3:~~r<200&&(r=200),s.height=r):\"link\"===t.message&&(r=new URL(s.getAttribute(\"src\")),n=new URL(t.value),c.test(n.protocol))&&n.host===r.host&&l.activeElement===s&&(d.top.location.href=t.value))}},d.addEventListener(\"message\",d.wp.receiveEmbedMessage,!1),l.addEventListener(\"DOMContentLoaded\",function(){for(var e,t,s=l.querySelectorAll(\"iframe.wp-embedded-content\"),r=0;r<s.length;r++)(t=(e=s[r]).getAttribute(\"data-secret\"))||(t=Math.random().toString(36).substring(2,12),e.src+=\"#?secret=\"+t,e.setAttribute(\"data-secret\",t)),e.contentWindow.postMessage({message:\"ready\",secret:t},\"*\")},!1)))}(window,document);\n\/\/# sourceURL=https:\/\/dpress.ma\/fr\/wp-includes\/js\/wp-embed.min.js\n\/* ]]> *\/\n<\/script>\n","thumbnail_url":"https:\/\/dpress.ma\/fr\/wp-content\/uploads\/sites\/2\/2025\/02\/dprees-dim-56.png","thumbnail_width":780,"thumbnail_height":470,"description":"dpress Les travaux du 13\u00e8me congr\u00e8s national de l\u2019Union Marocaine du Travail (UMT) ont d\u00e9but\u00e9 vendredi \u00e0 Casablanca sous le th\u00e8me \u201c70 ans de fid\u00e9lit\u00e9 \u00e0 l\u2019identit\u00e9 et aux principes de l\u2019UMT, la lutte continue pour les libert\u00e9s syndicales, la dignit\u00e9 et la justice sociale\u201d. La s\u00e9ance d\u2019ouverture de ce congr\u00e8s, qui se poursuit jusqu\u2019\u00e0 &hellip;"}