{"version":"1.0","provider_name":"Dpress.ma\/fr","provider_url":"https:\/\/dpress.ma\/fr","author_name":"Dpress.ma","author_url":"https:\/\/dpress.ma\/fr\/author\/dpress-ma\/","title":"Le Maroc, un acteur engag\u00e9 et avanc\u00e9\u00a0 - Dpress.ma\/fr","type":"rich","width":600,"height":338,"html":"<blockquote class=\"wp-embedded-content\" data-secret=\"JCkDilGNqq\"><a href=\"https:\/\/dpress.ma\/fr\/2025\/02\/13\/le-maroc-un-acteur-engage-et-avance\/\">Le Maroc, un acteur engag\u00e9 et avanc\u00e9\u00a0<\/a><\/blockquote><iframe sandbox=\"allow-scripts\" security=\"restricted\" src=\"https:\/\/dpress.ma\/fr\/2025\/02\/13\/le-maroc-un-acteur-engage-et-avance\/embed\/#?secret=JCkDilGNqq\" width=\"600\" height=\"338\" title=\"\u00ab\u00a0Le Maroc, un acteur engag\u00e9 et avanc\u00e9\u00a0\u00a0\u00bb &#8212; Dpress.ma\/fr\" data-secret=\"JCkDilGNqq\" frameborder=\"0\" marginwidth=\"0\" marginheight=\"0\" scrolling=\"no\" class=\"wp-embedded-content\"><\/iframe><script type=\"text\/javascript\">\n\/* <![CDATA[ *\/\n\/*! This file is auto-generated *\/\n!function(d,l){\"use strict\";l.querySelector&&d.addEventListener&&\"undefined\"!=typeof URL&&(d.wp=d.wp||{},d.wp.receiveEmbedMessage||(d.wp.receiveEmbedMessage=function(e){var t=e.data;if((t||t.secret||t.message||t.value)&&!\/[^a-zA-Z0-9]\/.test(t.secret)){for(var s,r,n,a=l.querySelectorAll('iframe[data-secret=\"'+t.secret+'\"]'),o=l.querySelectorAll('blockquote[data-secret=\"'+t.secret+'\"]'),c=new RegExp(\"^https?:$\",\"i\"),i=0;i<o.length;i++)o[i].style.display=\"none\";for(i=0;i<a.length;i++)s=a[i],e.source===s.contentWindow&&(s.removeAttribute(\"style\"),\"height\"===t.message?(1e3<(r=parseInt(t.value,10))?r=1e3:~~r<200&&(r=200),s.height=r):\"link\"===t.message&&(r=new URL(s.getAttribute(\"src\")),n=new URL(t.value),c.test(n.protocol))&&n.host===r.host&&l.activeElement===s&&(d.top.location.href=t.value))}},d.addEventListener(\"message\",d.wp.receiveEmbedMessage,!1),l.addEventListener(\"DOMContentLoaded\",function(){for(var e,t,s=l.querySelectorAll(\"iframe.wp-embedded-content\"),r=0;r<s.length;r++)(t=(e=s[r]).getAttribute(\"data-secret\"))||(t=Math.random().toString(36).substring(2,12),e.src+=\"#?secret=\"+t,e.setAttribute(\"data-secret\",t)),e.contentWindow.postMessage({message:\"ready\",secret:t},\"*\")},!1)))}(window,document);\n\/\/# sourceURL=https:\/\/dpress.ma\/fr\/wp-includes\/js\/wp-embed.min.js\n\/* ]]> *\/\n<\/script>\n","thumbnail_url":"https:\/\/dpress.ma\/fr\/wp-content\/uploads\/sites\/2\/2025\/02\/dprees-dim-22.png","thumbnail_width":780,"thumbnail_height":470,"description":"dpress Le Maroc se positionne comme un acteur engag\u00e9 et avanc\u00e9 en mati\u00e8re de mobilit\u00e9 durable \u00e0 l\u2019\u00e9chelle internationale, ont soulign\u00e9 les participants \u00e0 une rencontre tenue mercredi dans le cadre du Green Impact Expo &amp; Summit. Intervenant lors d\u2019un panel intitul\u00e9 \u201cLe Maroc, hub industriel de la mobilit\u00e9 durable\u201d, le directeur manager de Volvo &hellip;"}