{"version":"1.0","provider_name":"Dpress.ma\/fr","provider_url":"https:\/\/dpress.ma\/fr","author_name":"Dpress.ma","author_url":"https:\/\/dpress.ma\/fr\/author\/dpress-ma\/","title":"M. Akhannouch pr\u00e9side la 2\u00e8me r\u00e9union interminist\u00e9rielle - Dpress.ma\/fr","type":"rich","width":600,"height":338,"html":"<blockquote class=\"wp-embedded-content\" data-secret=\"XUgFd4XqS7\"><a href=\"https:\/\/dpress.ma\/fr\/2022\/04\/08\/m-akhannouch-preside-la-2eme-reunion-interministerielle\/\">M. Akhannouch pr\u00e9side la 2\u00e8me r\u00e9union interminist\u00e9rielle<\/a><\/blockquote><iframe sandbox=\"allow-scripts\" security=\"restricted\" src=\"https:\/\/dpress.ma\/fr\/2022\/04\/08\/m-akhannouch-preside-la-2eme-reunion-interministerielle\/embed\/#?secret=XUgFd4XqS7\" width=\"600\" height=\"338\" title=\"\u00ab\u00a0M. Akhannouch pr\u00e9side la 2\u00e8me r\u00e9union interminist\u00e9rielle\u00a0\u00bb &#8212; Dpress.ma\/fr\" data-secret=\"XUgFd4XqS7\" frameborder=\"0\" marginwidth=\"0\" marginheight=\"0\" scrolling=\"no\" class=\"wp-embedded-content\"><\/iframe><script type=\"text\/javascript\">\n\/* <![CDATA[ *\/\n\/*! This file is auto-generated *\/\n!function(d,l){\"use strict\";l.querySelector&&d.addEventListener&&\"undefined\"!=typeof URL&&(d.wp=d.wp||{},d.wp.receiveEmbedMessage||(d.wp.receiveEmbedMessage=function(e){var t=e.data;if((t||t.secret||t.message||t.value)&&!\/[^a-zA-Z0-9]\/.test(t.secret)){for(var s,r,n,a=l.querySelectorAll('iframe[data-secret=\"'+t.secret+'\"]'),o=l.querySelectorAll('blockquote[data-secret=\"'+t.secret+'\"]'),c=new RegExp(\"^https?:$\",\"i\"),i=0;i<o.length;i++)o[i].style.display=\"none\";for(i=0;i<a.length;i++)s=a[i],e.source===s.contentWindow&&(s.removeAttribute(\"style\"),\"height\"===t.message?(1e3<(r=parseInt(t.value,10))?r=1e3:~~r<200&&(r=200),s.height=r):\"link\"===t.message&&(r=new URL(s.getAttribute(\"src\")),n=new URL(t.value),c.test(n.protocol))&&n.host===r.host&&l.activeElement===s&&(d.top.location.href=t.value))}},d.addEventListener(\"message\",d.wp.receiveEmbedMessage,!1),l.addEventListener(\"DOMContentLoaded\",function(){for(var e,t,s=l.querySelectorAll(\"iframe.wp-embedded-content\"),r=0;r<s.length;r++)(t=(e=s[r]).getAttribute(\"data-secret\"))||(t=Math.random().toString(36).substring(2,12),e.src+=\"#?secret=\"+t,e.setAttribute(\"data-secret\",t)),e.contentWindow.postMessage({message:\"ready\",secret:t},\"*\")},!1)))}(window,document);\n\/\/# sourceURL=https:\/\/dpress.ma\/fr\/wp-includes\/js\/wp-embed.min.js\n\/* ]]> *\/\n<\/script>\n","thumbnail_url":"https:\/\/dpress.ma\/fr\/wp-content\/uploads\/sites\/2\/2022\/04\/rassemblement-akhannouch-fr.jpg","thumbnail_width":2539,"thumbnail_height":1594,"description":"Le Chef du gouvernement, Aziz Akhannouch, a pr\u00e9sid\u00e9, jeudi \u00e0 Rabat, la 2\u00e8me r\u00e9union interminist\u00e9rielle sur la nouvelle charte de l\u2019investissement.Cette r\u00e9union a \u00e9t\u00e9 consacr\u00e9e \u00e0 l\u2019\u00e9valuation des progr\u00e8s enregistr\u00e9s dans la mise en \u0153uvre des chantiers principaux relatifs \u00e0 la nouvelle charte de l\u2019investissement et \u00e0 la pr\u00e9paration des synth\u00e8ses qui seront pr\u00e9sent\u00e9es \u00e0 Sa Majest\u00e9 le Roi Mohammed VI, \u00e0 cet effet."}